{"id":286,"date":"2016-10-31T13:17:59","date_gmt":"2016-10-31T16:17:59","guid":{"rendered":"https:\/\/isfd88-bue.infd.edu.ar\/sitio\/?page_id=286"},"modified":"2026-04-22T20:47:24","modified_gmt":"2026-04-22T23:47:24","slug":"inicio","status":"publish","type":"page","link":"https:\/\/isfd88-bue.infd.edu.ar\/sitio\/","title":{"rendered":"Inicio"},"content":{"rendered":"<h2 style=\"text-align: center;\"><a href=\"https:\/\/isfd88-bue.infd.edu.ar\/sitio\/wp-content\/uploads\/2026\/03\/fotos.pdf\">Tabla de equivalencias entre Unidades Curriculares del Dise\u00f1o Curricular Res 1862\/17 y el nuevo Dise\u00f1o Curricular<br \/>del Profesorado de Educaci\u00f3n Secundaria en Lengua y literatura<\/a><\/h2>\n<p>&nbsp;<\/p>\n<h2 style=\"text-align: center;\"><span style=\"color: #800000;\">NUEVO DISE\u00d1O CURRICULAR<\/span><\/h2>\n<h2 style=\"text-align: center;\"><span style=\"color: #800000;\">DEL PROFESORADO DE LENGUA Y LITERATURA<\/span><\/h2>\n<h2 style=\"text-align: center;\"><span style=\"color: #800000;\">en el siguiente<\/span> <a href=\"https:\/\/isfd88-bue.infd.edu.ar\/sitio\/plan-de-estudios-del-profesorado-de-lengua-y-literatura\/\">enlace<\/a><\/h2>\n<h3>\u00a0<\/h3>\n<h1 style=\"text-align: center;\"><img decoding=\"async\" loading=\"lazy\" class=\"wp-image-6285 alignnone\" src=\"https:\/\/isfd88-bue.infd.edu.ar\/sitio\/wp-content\/uploads\/2025\/11\/Captura-de-pantalla-2025-11-07-124559.jpg\" alt=\"\" width=\"514\" height=\"760\" \/><\/h1>\n<h2 style=\"text-align: center;\"><a href=\"https:\/\/isfd88-bue.infd.edu.ar\/sitio\/tecnicatura-en-tiempo-libre-y-recreacion\/\"><img decoding=\"async\" loading=\"lazy\" class=\"wp-image-5951 aligncenter\" src=\"https:\/\/isfd88-bue.infd.edu.ar\/sitio\/wp-content\/uploads\/2024\/12\/WhatsApp-Image-2024-12-11-at-13.49.51-1000x1000.jpeg\" alt=\"\" width=\"375\" height=\"375\" srcset=\"https:\/\/isfd88-bue.infd.edu.ar\/sitio\/wp-content\/uploads\/2024\/12\/WhatsApp-Image-2024-12-11-at-13.49.51-1000x1000.jpeg 1000w, https:\/\/isfd88-bue.infd.edu.ar\/sitio\/wp-content\/uploads\/2024\/12\/WhatsApp-Image-2024-12-11-at-13.49.51-500x500.jpeg 500w, https:\/\/isfd88-bue.infd.edu.ar\/sitio\/wp-content\/uploads\/2024\/12\/WhatsApp-Image-2024-12-11-at-13.49.51-768x768.jpeg 768w, https:\/\/isfd88-bue.infd.edu.ar\/sitio\/wp-content\/uploads\/2024\/12\/WhatsApp-Image-2024-12-11-at-13.49.51.jpeg 1080w\" sizes=\"(max-width: 375px) 100vw, 375px\" \/><\/a><a href=\"https:\/\/isfd88-bue.infd.edu.ar\/sitio\/tecnicatura-en-tiempo-libre-y-recreacion\/\"><img decoding=\"async\" loading=\"lazy\" class=\"alignnone  wp-image-6284\" src=\"https:\/\/isfd88-bue.infd.edu.ar\/sitio\/wp-content\/uploads\/2025\/11\/flyer-tec-en-gest-cult.jpg\" alt=\"\" width=\"393\" height=\"344\" srcset=\"https:\/\/isfd88-bue.infd.edu.ar\/sitio\/wp-content\/uploads\/2025\/11\/flyer-tec-en-gest-cult.jpg 901w, https:\/\/isfd88-bue.infd.edu.ar\/sitio\/wp-content\/uploads\/2025\/11\/flyer-tec-en-gest-cult-768x673.jpg 768w\" sizes=\"(max-width: 393px) 100vw, 393px\" \/><\/a><!--more--><\/h2>\n<p>&nbsp;<\/p>\n<h2 style=\"text-align: center;\"><strong><span style=\"color: #800080;\">\u00a0INSTITUTO SUPERIOR DE FORMACI\u00d3N DOCENTE Y T\u00c9CNICA N\u00b088<\/span><\/strong><\/h2>\n<h2 style=\"text-align: center;\"><span style=\"color: #800080;\"><strong>\u00abPAULO FREIRE\u00bb<\/strong><\/span><\/h2>\n<p><img decoding=\"async\" loading=\"lazy\" class=\" wp-image-5372 aligncenter\" src=\"https:\/\/isfd88-bue.infd.edu.ar\/sitio\/wp-content\/uploads\/2023\/10\/portada-freire-1000x499.jpg\" alt=\"\" width=\"631\" height=\"315\" srcset=\"https:\/\/isfd88-bue.infd.edu.ar\/sitio\/wp-content\/uploads\/2023\/10\/portada-freire-1000x499.jpg 1000w, https:\/\/isfd88-bue.infd.edu.ar\/sitio\/wp-content\/uploads\/2023\/10\/portada-freire-768x383.jpg 768w, https:\/\/isfd88-bue.infd.edu.ar\/sitio\/wp-content\/uploads\/2023\/10\/portada-freire.jpg 1024w\" sizes=\"(max-width: 631px) 100vw, 631px\" \/><\/p>\n<h4 style=\"text-align: center;\"><strong>DIRECCIONES:<\/strong><\/h4>\n<h4 style=\"text-align: center;\">SEDE SALTA &#8211; Salta 2309 &#8211; B1754 San Justo<\/h4>\n<h4 style=\"text-align: center;\">SEDE YRIGOYEN &#8211; Hip\u00f3lito Yrigoyen 2462, B1754 San Justo<\/h4>\n<h4 style=\"text-align: center;\">SEDE MARECHAL &#8211; Av. Brig. Gral. J. M. de Rosas 5971, B1754 I. Casanova (Solo Turno Ma\u00f1ana del Profesorado de Ingl\u00e9s)<\/h4>\n<h4 style=\"text-align: center;\">LA SEDE MARECHAL QUEDA EN AVDA. JUAN MANUEL DE ROSAS 5975, CASANOVA. ES EL EDIFICIO HIST\u00d3RICO, 3ER PISO (LADO DERECHO, FRENTE A LA ESCUELA DE ENSE\u00d1ANZA T\u00c9CNICA N\u00b0 1).<\/h4>\n<h3 style=\"text-align: center;\"><strong>CONTACTO: <\/strong>isfdyt88@gmail.com<\/h3>\n","protected":false},"excerpt":{"rendered":"<p>Tabla de equivalencias entre Unidades Curriculares del Dise\u00f1o Curricular Res 1862\/17 y el nuevo Dise\u00f1o Curriculardel Profesorado de Educaci\u00f3n Secundaria en Lengua y literatura &nbsp; NUEVO DISE\u00d1O CURRICULAR DEL PROFESORADO DE LENGUA Y LITERATURA en el siguiente enlace \u00a0<\/p>\n","protected":false},"author":1,"featured_media":0,"parent":0,"menu_order":0,"comment_status":"closed","ping_status":"closed","template":"","meta":[],"acf":[],"_links":{"self":[{"href":"https:\/\/isfd88-bue.infd.edu.ar\/sitio\/wp-json\/wp\/v2\/pages\/286"}],"collection":[{"href":"https:\/\/isfd88-bue.infd.edu.ar\/sitio\/wp-json\/wp\/v2\/pages"}],"about":[{"href":"https:\/\/isfd88-bue.infd.edu.ar\/sitio\/wp-json\/wp\/v2\/types\/page"}],"author":[{"embeddable":true,"href":"https:\/\/isfd88-bue.infd.edu.ar\/sitio\/wp-json\/wp\/v2\/users\/1"}],"replies":[{"embeddable":true,"href":"https:\/\/isfd88-bue.infd.edu.ar\/sitio\/wp-json\/wp\/v2\/comments?post=286"}],"version-history":[{"count":515,"href":"https:\/\/isfd88-bue.infd.edu.ar\/sitio\/wp-json\/wp\/v2\/pages\/286\/revisions"}],"predecessor-version":[{"id":6536,"href":"https:\/\/isfd88-bue.infd.edu.ar\/sitio\/wp-json\/wp\/v2\/pages\/286\/revisions\/6536"}],"wp:attachment":[{"href":"https:\/\/isfd88-bue.infd.edu.ar\/sitio\/wp-json\/wp\/v2\/media?parent=286"}],"curies":[{"name":"wp","href":"https:\/\/api.w.org\/{rel}","templated":true}]}}